{"id":13079,"date":"2023-02-08T17:32:55","date_gmt":"2023-02-08T17:32:55","guid":{"rendered":"https:\/\/www.galerieloft.com\/\/uncategorized\/ex-votos\/"},"modified":"2025-04-11T10:04:54","modified_gmt":"2025-04-11T10:04:54","slug":"ex-votos-4","status":"publish","type":"product","link":"https:\/\/www.galerieloft.com\/en\/produits\/ex-votos-4\/","title":{"rendered":"Ex-votos 4"},"content":{"rendered":"<p><strong style=\"font-size: 14px;\">Dimension de l&#8217;oeuvre encadr\u00e9e : 26 X 55 cm &#8211; cadre noir<\/strong><\/p>\n<hr \/>\n<h3>OEUVRE<\/h3>\n<p>Peupl\u00e9es d\u2019ic\u00f4nes d\u2019un autre temps, Marylines fleuries, Jocondes volantes et Alices d\u00e9multipli\u00e9es, les \u0153uvres de Christos Kalfas se construisent comme des \u00ab\u00a0th\u00e9\u00e2tres al\u00e9atoires\u00a0\u00bb.\u00a0 Ses dessins regroup\u00e9s dans l\u2019exposition \u00ab\u00a0Once Upon a time\u00a0\u00bb, d\u2019une po\u00e9sie aussi touchante que fascinante, s\u2019articulent autour de photographies en noir et blanc de visages c\u00e9l\u00e8bres ou anonymes emprunt\u00e9s au monde de l\u2019art, de la litt\u00e9rature ou du cin\u00e9ma. D\u00e9coup\u00e9es dans des livres ou des revues du d\u00e9but du si\u00e8cle, elles viennent se glisser sur la surface de l\u2019\u0153uvre pour insuffler au papier une dimension anachronique, \u00e0 la fois \u00ab\u00a0r\u00e9elle\u00a0\u00bb tout en \u00e9tant ancr\u00e9e dans une atmosph\u00e8re d\u2019une \u00e9poque nostalgique r\u00e9volue. Pour Christos Kalfas, ces \u00ab\u00a0t\u00eates\u00a0\u00bb repr\u00e9sentent ainsi notre \u00ab\u00a0m\u00e9moire collective\u00a0\u00bb avec laquelle il joue pour cr\u00e9er des sayn\u00e8tes \u00e0 partir desquelles chacun va composer sa propre histoire. Utilisant exclusivement des images en noir et blanc pour conserver une certaine neutralit\u00e9, il explore des centaines d\u2019images collectionn\u00e9es \u00e0 la recherche de celle qui aura la bonne expression, la bonne taille ou la bonne position pour composer son \u0153uvre. Une fois positionn\u00e9es sur le papier, ces t\u00eates retrouvent ensuite une deuxi\u00e8me vie en s\u2019incarnant alors en autant de figures color\u00e9es qui s\u2019\u00e9veillent au cours d\u2019\u00e9tonnantes sayn\u00e8tes. Le d\u00e9cor s\u2019installe, et la com\u00e9die humaine prend vie. C\u2019est tout un kal\u00e9idoscope d\u2019images et d\u2019id\u00e9es qui se chevauchent pour cr\u00e9er une \u00ab\u00a0narration\u00a0\u00bb qui vient se construire dans un espace-temps ind\u00e9fini, sans fond ni perspective, pour se transformer en une forme \u00ab\u00a0d\u2019\u00e9criture\u00a0\u00bb singuli\u00e8re.<\/p>\n<p>Telle l\u2019Alice de Lewis Caroll qui interroge son inconscient dans son sommeil en parcourant d\u2019incroyables univers fantastiques et fantasm\u00e9s, les personnages de Christos Kalfas sont alors projet\u00e9s dans des mondes oniriques et all\u00e9goriques, explorant les mythes, l\u2019Histoire, l\u2019univers et la Vie.\u00a0 Les mille r\u00e9f\u00e9rences qu\u2019ils \u00e9voquent soul\u00e8vent autant de questions qu\u2019ils font na\u00eetre de sentiments et le paradoxe de la dichotomie entre leurs t\u00eates et leurs corps vient symboliser les nombreuses contradictions de notre \u00e9poque. Ici, rien n\u2019est fig\u00e9. Le ballet des figures nous emporte au gr\u00e9 de nos envies. Notre imagination se d\u00e9ploie et notre inconscient prend peu \u00e0 peu le dessus sur l\u2019artiste dans la perception des \u0153uvres. Pour Bruno Duborgel, elles deviennent alors \u00ab\u00a0<em>une machine \u00e0 d\u00e9vider des r\u00e9cits potentiels, une machine \u00e0 machinations et dont il revient au spectateur, requis aventureux donateur de sens, d\u2019actionner la manivelle. Et les petites histoires ainsi engendr\u00e9es, loin de relever de quelque plan\u00e8te surr\u00e9elle et d\u00e9branch\u00e9e de la n\u00f4tre, se r\u00e9v\u00e8lent constituer un outillage subtil, une boussole magique d\u2019o\u00f9 interroger des traits permanents de notre Humanit\u00e9 et Grande Histoire<\/em>\u00a0\u00bb (Bruno Duborgel, <em>Nos images dans l\u2019aquarium<\/em>).<\/p>\n<p>Le spectacle de la douce tragi-com\u00e9die offert par l\u2019artiste nous emporte ainsi vers de nouveaux territoires. Entre r\u00eaves et r\u00e9alit\u00e9\u00a0; pass\u00e9, pr\u00e9sent et futur\u00a0; nous voil\u00e0 plong\u00e9s au c\u0153ur du th\u00e9\u00e2tre d\u2019un imaginaire en constante r\u00e9invention, celui de notre propre nature humaine, ambigu\u00eb, riche et complexe.<\/p>\n<hr \/>\n<h3>ARTISTE<\/h3>\n<p><strong>Christos Kalfas<\/strong> est arriv\u00e9 de Gr\u00e8ce il y a plus de 40 ans. Il vit et travaille aujourd\u2019hui \u00e0 Paris. C&#8217;est ainsi que son exp\u00e9rience de graveur &#8211; <em>&#8221; cet \u00e9merveillement quand on tire la feuille de papier et qu&#8217;on d\u00e9couvre un dessin qui est l\u00e0 par miracle &#8220;<\/em>&#8211; se joint \u00e0 l&#8217;\u00e9mergence d&#8217;une nouvelle peinture o\u00f9 la figuration s&#8217;accompagne d&#8217;un travail sur le support et la mati\u00e8re, mais aussi sur le sens. Ses grattages, entailles, incisions sur papier, plaques de pl\u00e2tre, rejoignent, \u00e0 travers le temps, le terme de grec ancien &#8221; graphein &#8221; qui signifie \u00e0 la fois dessiner, graver, \u00e9crire. Les oeuvres de Kalfas, o\u00f9 jouent la peinture, les songes, les symboles et les mythes, non seulement de la Gr\u00e8ce antique, mais de notre civilisation occidentale, faussement l\u00e9g\u00e8res, empreintes de divin et de banal, nous induisent \u00e0 la m\u00e9ditation, \u00e0 la cr\u00e9ation de notre propre mythe.<\/p>\n<p><span style=\"color: #000000;\"><a style=\"color: #000000;\" href=\"https:\/\/www.galerieloft.com\/en\/artists\/christos-kalfas\/\"><em>En savoir plus&#8230;<\/em><\/a><\/span><\/p>\n","protected":false},"excerpt":{"rendered":"<p>Dimension de l&#8217;oeuvre encadr\u00e9e : 26 X 55 cm &#8211; cadre noir OEUVRE Peupl\u00e9es d\u2019ic\u00f4nes d\u2019un autre temps, Marylines fleuries, Jocondes volantes et Alices d\u00e9multipli\u00e9es, les \u0153uvres de Christos Kalfas se construisent comme des \u00ab\u00a0th\u00e9\u00e2tres al\u00e9atoires\u00a0\u00bb.\u00a0 Ses dessins regroup\u00e9s dans l\u2019exposition \u00ab\u00a0Once Upon a time\u00a0\u00bb, d\u2019une po\u00e9sie aussi touchante que fascinante, s\u2019articulent autour de photographies &hellip; <a href=\"https:\/\/www.galerieloft.com\/en\/produits\/ex-votos-4\/\">Continued<\/a><\/p>\n","protected":false},"featured_media":13036,"comment_status":"closed","ping_status":"closed","template":"","meta":[],"product_brand":[],"product_cat":[100],"product_tag":[872],"class_list":{"0":"post-13079","1":"product","2":"type-product","3":"status-publish","4":"has-post-thumbnail","6":"product_cat-drawing","7":"product_tag-christos-kalfas-en","8":"product_shipping_class-photo-rolled-painting-small-size","9":"pa_annee-2017-en","10":"pa_medium-peinture-et-pigments-sur-carton-entoile-tissu-velours-en","11":"pa_signature-signed-and-dated-by-artist","13":"first","14":"instock","15":"taxable","16":"shipping-taxable","17":"product-type-simple"},"_links":{"self":[{"href":"https:\/\/www.galerieloft.com\/en\/wp-json\/wp\/v2\/product\/13079","targetHints":{"allow":["GET"]}}],"collection":[{"href":"https:\/\/www.galerieloft.com\/en\/wp-json\/wp\/v2\/product"}],"about":[{"href":"https:\/\/www.galerieloft.com\/en\/wp-json\/wp\/v2\/types\/product"}],"replies":[{"embeddable":true,"href":"https:\/\/www.galerieloft.com\/en\/wp-json\/wp\/v2\/comments?post=13079"}],"wp:featuredmedia":[{"embeddable":true,"href":"https:\/\/www.galerieloft.com\/en\/wp-json\/wp\/v2\/media\/13036"}],"wp:attachment":[{"href":"https:\/\/www.galerieloft.com\/en\/wp-json\/wp\/v2\/media?parent=13079"}],"wp:term":[{"taxonomy":"product_brand","embeddable":true,"href":"https:\/\/www.galerieloft.com\/en\/wp-json\/wp\/v2\/product_brand?post=13079"},{"taxonomy":"product_cat","embeddable":true,"href":"https:\/\/www.galerieloft.com\/en\/wp-json\/wp\/v2\/product_cat?post=13079"},{"taxonomy":"product_tag","embeddable":true,"href":"https:\/\/www.galerieloft.com\/en\/wp-json\/wp\/v2\/product_tag?post=13079"}],"curies":[{"name":"wp","href":"https:\/\/api.w.org\/{rel}","templated":true}]}}